{"id":1784,"date":"2025-09-15T10:00:09","date_gmt":"2025-09-15T08:00:09","guid":{"rendered":"https:\/\/niederneisen.de\/?page_id=1784"},"modified":"2025-09-15T10:08:46","modified_gmt":"2025-09-15T08:08:46","slug":"dorfentwicklung","status":"publish","type":"page","link":"https:\/\/niederneisen.de\/index.php\/dorfentwicklung\/","title":{"rendered":"Dorfentwicklung"},"content":{"rendered":"<h4><span style=\"font-family: arial, helvetica, sans-serif;\">14.09.2025<\/span><\/h4>\n<h4><strong>Ein neuer, spannender Spielbereich f\u00fcr verschiedene Altersgruppen im Sportpark<\/strong><\/h4>\n<p><span style=\"font-family: arial, helvetica, sans-serif; font-size: 12pt;\">Mit der Erstellung eines neuen Spielbereiches im Sportpark erf\u00fcllt die Ortsgemeinde einen der bei der Dorfmoderation geb\u00fcndelten W\u00fcnsche der Dorfbev\u00f6lkerung. Es geht um die <strong>Belebung und Aufwertung <\/strong>der bisher <strong>\u00fcberwiegend ungenutzten Wiesenfl\u00e4che <\/strong>innerhalb des Sportbereiches. Diese soll zu einem <strong>spannenden Spielbereich und Begegnungsst\u00e4tte f\u00fcr verschiedene Altersgruppen <\/strong>aufgewertet werden.<\/span><\/p>\n<p><span style=\"font-family: arial, helvetica, sans-serif; font-size: 12pt;\">Bei der Umgestaltung des Gel\u00e4ndes werden verschiedene neue Spielger\u00e4te (\u00fcberwiegend aus Holz, teilweise aus Metall) installiert, die <strong>viele unterschiedliche Bewegungsm\u00f6glichkeiten <\/strong>sowie einen <strong>hohen Erlebniswert bieten<\/strong>. Die Nutzung ist f\u00fcr Kinder ab 3 Jahren m\u00f6glich, aber zu einem gro\u00dfen Teil auf \u00e4ltere Kinder ab 6 Jahren ausgerichtet. In den Zwischenr\u00e4umen der Spielger\u00e4te werden Laubb\u00e4ume zur Strukturierung und Beschattung des Gel\u00e4ndes vorgesehen.<\/span><\/p>\n<p><span style=\"font-family: arial, helvetica, sans-serif; font-size: 12pt;\">Die anfallenden Bodenmassen aus dem Aushub f\u00fcr die n\u00f6tigen Fallschutzfl\u00e4chen an den Spielger\u00e4ten werden im Plangebiet zu einem H\u00fcgel f\u00fcr eine Hangrutsche verbaut.<\/span><\/p>\n<p><span style=\"font-family: arial, helvetica, sans-serif; font-size: 12pt;\"><strong>Wie soll der neue \u201eSpielplatz\u201c aussehen?<\/strong><\/span><\/p>\n<p><span style=\"font-family: arial, helvetica, sans-serif; font-size: 12pt;\">Da der Spielplatz an der Grundschule eher mit standardm\u00e4\u00dfigen Spielger\u00e4ten ausgestattet und der Au\u00dfenbereich der Kindertagesst\u00e4tte nat\u00fcrlich auf Kinder bis 6 Jahren ausgerichtet ist, soll dieser neue Spielbereich <strong>vor allem f\u00fcr \u00e4ltere Kinder <\/strong>(u. a. Kinder aus der Nachmittagsbetreuung der Grundschule) <strong>spannende und herausfordernde Spielm\u00f6glichkeiten <\/strong>bieten, die auch eine <strong>Fitness-Komponenten <\/strong>beinhalten. Geplant sind folgende Ausstattungselemente :<\/span><\/p>\n<ul>\n<li><span style=\"font-family: arial, helvetica, sans-serif; font-size: 12pt;\">Kletterparcour &#8211; ab 10 Jahren mit den Spielwerten Fitness, Geschwindigkeit und Gleichgewicht<\/span><\/li>\n<li><span style=\"font-family: arial, helvetica, sans-serif; font-size: 12pt;\">Balancierparcours &#8211; ab 5 Jahren mit den Spielwerten Fitness, Gleichgewicht, Sinne und Sozialkompetenz<\/span><\/li>\n<li><span style=\"font-family: arial, helvetica, sans-serif; font-size: 12pt;\">Spielschiff &#8211; ab 6 Jahren mit den Spielwerten Fantasie, Fitness, Gleichgewicht und Sozialkompetenz<\/span><\/li>\n<li><span style=\"font-family: arial, helvetica, sans-serif; font-size: 12pt;\">Hangrutsche &#8211; mit dem Spielwert Geschwindigkeit\u00a0<\/span><\/li>\n<li><span style=\"font-family: arial, helvetica, sans-serif; font-size: 12pt;\">Nestschaukel mit die Spielwerten Erholung, Geschwindigkeit, Sinne, Sozialkompetenz, Zusammenleben und Inklusion<\/span><\/li>\n<li><span style=\"font-family: arial, helvetica, sans-serif; font-size: 12pt;\">Unterstand &#8211; in der Ortsgemeinde vorhanden und aufzustellen<\/span><\/li>\n<li><span style=\"font-family: arial, helvetica, sans-serif; font-size: 12pt;\">Tisch-Bank-Kombination (Errichtung in Eigenleistung)<\/span><\/li>\n<\/ul>\n<p><span style=\"font-family: arial, helvetica, sans-serif; font-size: 12pt;\"><strong>Wann soll der \u201eSpielplatz\u201c fertig sein?<\/strong><\/span><\/p>\n<p><span style=\"font-family: arial, helvetica, sans-serif; font-size: 12pt;\">Die Gemeinde hat die Zuschussbewilligung des Landes Ende August erhalten. Zun\u00e4chst m\u00fcssen noch einige Abstimmungen mit der Verbandsgemeinde getroffen werden. Wir gehen davon aus, dass wir im Oktober mit den baulichen Ma\u00dfnahmen beginnen k\u00f6nnen und der Spielbereich im Fr\u00fchjahr 2026 genutzt werden kann.<\/span><\/p>\n<p><span style=\"font-family: arial, helvetica, sans-serif; font-size: 12pt;\"><strong>Gibt es schon eine Planung der Ger\u00e4te und deren Platzierung? Ja \u2013 gibt es:<\/strong><\/span><\/p>\n<p><a href=\"https:\/\/niederneisen.de\/wp-content\/uploads\/2025\/09\/2024-07-26_Niederneisen-Gestaltung-Spielbereich-PLAN-A0.pdf\" target=\"_blank\" rel=\"noopener\"><span style=\"font-size: 14pt;\">2024-07-26_Niederneisen Gestaltung Spielbereich &#8211; PLAN &#8211; A0<\/span><\/a><\/p>\n<p>&nbsp;<\/p>\n<p>&nbsp;<\/p>\n<p><span style=\"font-family: arial, helvetica, sans-serif;\"><strong>04.02.2020\u00a0<\/strong>\u00a0<\/span><\/p>\n<p><span style=\"font-family: arial, helvetica, sans-serif;\"><strong>Der <\/strong><\/span><strong><span style=\"font-family: arial, helvetica, sans-serif;\">Gemeinderat h<\/span><span style=\"font-family: arial, helvetica, sans-serif;\">at in seiner Sitzung am 04.02.2020 beschlossen, mit der Fortschreibung des Dorferneuerungskonzeptes und die Informations-, Bildungs- und Beratungsarbeit im Rahmen der Dorferneuerung\u00a0 das B\u00fcro f\u00fcr Raum- und Umweltplanung, RU-Plan zu beauftragen.<\/span><\/strong><\/p>\n<p><span style=\"font-family: arial, helvetica, sans-serif;\">Niederneisen hat sich bereits fr\u00fchzeitig mit der <strong>Dorferneuerung<\/strong> befasst und verf\u00fcgt \u00fcber ein Dorferneuerungskonzept aus den 90iger Jahren.<br \/>\n<\/span><span style=\"font-family: arial, helvetica, sans-serif;\">Hieraus wurden viele Ma\u00dfnahmen zur Verbesserung des Ortsbildes, zum Ausbau der Infrastruktur und zur \u00f6kologischen Aufwertung von Dorf und Landschaft verwirklicht.<\/span><\/p>\n<p><span style=\"font-family: arial, helvetica, sans-serif;\">Zur Sicherung einer nachhaltigen und zukunftsf\u00e4higen Gemeindeentwicklung soll das vorhandene Konzept im Wege einer moderierten Planung im Sinne der B\u00fcrger fortgeschrieben werden.<\/span><span style=\"font-family: arial, helvetica, sans-serif;\">Aus der Dorfmoderation werden Vorschl\u00e4ge zu Projekten und Ideen der Dorfbev\u00f6lkerung erwartet, mit denen die Zukunft von Niederneisen gestaltet werden kann.<\/span><\/p>\n<p><span style=\"font-family: arial, helvetica, sans-serif;\">Im Rahmen der Dorfmoderation werden die M\u00f6glichkeiten zur Stabilisierung der Bev\u00f6lkerung, zur Erhaltung der Wohnqualit\u00e4t sowie Strategien zur F\u00f6rderung des Dorfgemeinschaftslebens und des sanften Tourismus ausgelotet.<\/span><\/p>\n<p><span style=\"font-family: arial, helvetica, sans-serif;\">Hier, die Ergebnisse:<\/span><\/p>\n<p><a href=\"https:\/\/niederneisen.de\/files\/Dorferneuerung\/20200921_Auftaktveranstaltung_Protokoll.pdf\"><img decoding=\"async\" class=\"lazyload alignnone wp-image-1786 size-medium\" src=\"https:\/\/niederneisen.de\/wp-content\/uploads\/2024\/04\/1_Auftakt-300x65.png\" data-orig-src=\"https:\/\/niederneisen.de\/wp-content\/uploads\/2024\/04\/1_Auftakt-300x65.png\" alt=\"\" width=\"300\" height=\"65\" srcset=\"data:image\/svg+xml,%3Csvg%20xmlns%3D%27http%3A%2F%2Fwww.w3.org%2F2000%2Fsvg%27%20width%3D%27300%27%20height%3D%2765%27%20viewBox%3D%270%200%20300%2065%27%3E%3Crect%20width%3D%27300%27%20height%3D%2765%27%20fill-opacity%3D%220%22%2F%3E%3C%2Fsvg%3E\" data-srcset=\"https:\/\/niederneisen.de\/wp-content\/uploads\/2024\/04\/1_Auftakt-200x44.png 200w, https:\/\/niederneisen.de\/wp-content\/uploads\/2024\/04\/1_Auftakt-300x65.png 300w, https:\/\/niederneisen.de\/wp-content\/uploads\/2024\/04\/1_Auftakt-400x87.png 400w, https:\/\/niederneisen.de\/wp-content\/uploads\/2024\/04\/1_Auftakt-600x131.png 600w, https:\/\/niederneisen.de\/wp-content\/uploads\/2024\/04\/1_Auftakt.png 662w\" data-sizes=\"auto\" data-orig-sizes=\"(max-width: 300px) 100vw, 300px\" \/><\/a><\/p>\n<p><a href=\"https:\/\/niederneisen.de\/files\/Dorferneuerung\/20201009_Ortsrundgang_Protokoll.pdf\"><img decoding=\"async\" class=\"lazyload alignnone wp-image-1787 size-medium\" src=\"https:\/\/niederneisen.de\/wp-content\/uploads\/2024\/04\/2_Ortsrundg-300x64.png\" data-orig-src=\"https:\/\/niederneisen.de\/wp-content\/uploads\/2024\/04\/2_Ortsrundg-300x64.png\" alt=\"\" width=\"300\" height=\"64\" srcset=\"data:image\/svg+xml,%3Csvg%20xmlns%3D%27http%3A%2F%2Fwww.w3.org%2F2000%2Fsvg%27%20width%3D%27300%27%20height%3D%2764%27%20viewBox%3D%270%200%20300%2064%27%3E%3Crect%20width%3D%27300%27%20height%3D%2764%27%20fill-opacity%3D%220%22%2F%3E%3C%2Fsvg%3E\" data-srcset=\"https:\/\/niederneisen.de\/wp-content\/uploads\/2024\/04\/2_Ortsrundg-200x43.png 200w, https:\/\/niederneisen.de\/wp-content\/uploads\/2024\/04\/2_Ortsrundg-300x64.png 300w, https:\/\/niederneisen.de\/wp-content\/uploads\/2024\/04\/2_Ortsrundg-400x86.png 400w, https:\/\/niederneisen.de\/wp-content\/uploads\/2024\/04\/2_Ortsrundg-600x128.png 600w, https:\/\/niederneisen.de\/wp-content\/uploads\/2024\/04\/2_Ortsrundg.png 668w\" data-sizes=\"auto\" data-orig-sizes=\"(max-width: 300px) 100vw, 300px\" \/><\/a><\/p>\n<p><a href=\"https:\/\/niederneisen.de\/files\/Dorferneuerung\/20201016_Aufruf_Fotosafari.pdf\"><img decoding=\"async\" class=\"lazyload alignnone wp-image-1788 size-medium\" src=\"https:\/\/niederneisen.de\/wp-content\/uploads\/2024\/04\/3_Safari-300x61.png\" data-orig-src=\"https:\/\/niederneisen.de\/wp-content\/uploads\/2024\/04\/3_Safari-300x61.png\" alt=\"\" width=\"300\" height=\"61\" srcset=\"data:image\/svg+xml,%3Csvg%20xmlns%3D%27http%3A%2F%2Fwww.w3.org%2F2000%2Fsvg%27%20width%3D%27300%27%20height%3D%2761%27%20viewBox%3D%270%200%20300%2061%27%3E%3Crect%20width%3D%27300%27%20height%3D%2761%27%20fill-opacity%3D%220%22%2F%3E%3C%2Fsvg%3E\" data-srcset=\"https:\/\/niederneisen.de\/wp-content\/uploads\/2024\/04\/3_Safari-200x40.png 200w, https:\/\/niederneisen.de\/wp-content\/uploads\/2024\/04\/3_Safari-300x61.png 300w, https:\/\/niederneisen.de\/wp-content\/uploads\/2024\/04\/3_Safari-400x81.png 400w, https:\/\/niederneisen.de\/wp-content\/uploads\/2024\/04\/3_Safari-600x121.png 600w, https:\/\/niederneisen.de\/wp-content\/uploads\/2024\/04\/3_Safari.png 664w\" data-sizes=\"auto\" data-orig-sizes=\"(max-width: 300px) 100vw, 300px\" \/><\/a><\/p>\n<p><a href=\"https:\/\/niederneisen.de\/files\/Dorferneuerung\/20210817_Niederneisen_Dorfmoderation_Treffen_Generation60+_Protokoll.pdf\"><img decoding=\"async\" class=\"lazyload alignnone wp-image-1789 size-medium\" src=\"https:\/\/niederneisen.de\/wp-content\/uploads\/2024\/04\/4_60-300x65.png\" data-orig-src=\"https:\/\/niederneisen.de\/wp-content\/uploads\/2024\/04\/4_60-300x65.png\" alt=\"\" width=\"300\" height=\"65\" srcset=\"data:image\/svg+xml,%3Csvg%20xmlns%3D%27http%3A%2F%2Fwww.w3.org%2F2000%2Fsvg%27%20width%3D%27300%27%20height%3D%2765%27%20viewBox%3D%270%200%20300%2065%27%3E%3Crect%20width%3D%27300%27%20height%3D%2765%27%20fill-opacity%3D%220%22%2F%3E%3C%2Fsvg%3E\" data-srcset=\"https:\/\/niederneisen.de\/wp-content\/uploads\/2024\/04\/4_60-200x43.png 200w, https:\/\/niederneisen.de\/wp-content\/uploads\/2024\/04\/4_60-300x65.png 300w, https:\/\/niederneisen.de\/wp-content\/uploads\/2024\/04\/4_60-400x87.png 400w, https:\/\/niederneisen.de\/wp-content\/uploads\/2024\/04\/4_60-600x130.png 600w, https:\/\/niederneisen.de\/wp-content\/uploads\/2024\/04\/4_60.png 664w\" data-sizes=\"auto\" data-orig-sizes=\"(max-width: 300px) 100vw, 300px\" \/><\/a><\/p>\n<p><a href=\"https:\/\/niederneisen.de\/files\/Dorferneuerung\/20210929_Dorfwerkstatt_Teil1_Protokoll.pdf\"><img decoding=\"async\" class=\"lazyload alignnone wp-image-1790 size-medium\" src=\"https:\/\/niederneisen.de\/wp-content\/uploads\/2024\/04\/5_Werkstatt1-300x65.png\" data-orig-src=\"https:\/\/niederneisen.de\/wp-content\/uploads\/2024\/04\/5_Werkstatt1-300x65.png\" alt=\"\" width=\"300\" height=\"65\" srcset=\"data:image\/svg+xml,%3Csvg%20xmlns%3D%27http%3A%2F%2Fwww.w3.org%2F2000%2Fsvg%27%20width%3D%27300%27%20height%3D%2765%27%20viewBox%3D%270%200%20300%2065%27%3E%3Crect%20width%3D%27300%27%20height%3D%2765%27%20fill-opacity%3D%220%22%2F%3E%3C%2Fsvg%3E\" data-srcset=\"https:\/\/niederneisen.de\/wp-content\/uploads\/2024\/04\/5_Werkstatt1-200x43.png 200w, https:\/\/niederneisen.de\/wp-content\/uploads\/2024\/04\/5_Werkstatt1-300x65.png 300w, https:\/\/niederneisen.de\/wp-content\/uploads\/2024\/04\/5_Werkstatt1-400x87.png 400w, https:\/\/niederneisen.de\/wp-content\/uploads\/2024\/04\/5_Werkstatt1-600x130.png 600w, https:\/\/niederneisen.de\/wp-content\/uploads\/2024\/04\/5_Werkstatt1.png 663w\" data-sizes=\"auto\" data-orig-sizes=\"(max-width: 300px) 100vw, 300px\" \/><\/a><\/p>\n<p><a href=\"https:\/\/niederneisen.de\/files\/Dorferneuerung\/20211115_Kinderworkshop_Protokoll.pdf\"><img decoding=\"async\" class=\"lazyload alignnone wp-image-1791 size-medium\" src=\"https:\/\/niederneisen.de\/wp-content\/uploads\/2024\/04\/6_Kiunderws-300x70.png\" data-orig-src=\"https:\/\/niederneisen.de\/wp-content\/uploads\/2024\/04\/6_Kiunderws-300x70.png\" alt=\"\" width=\"300\" height=\"70\" srcset=\"data:image\/svg+xml,%3Csvg%20xmlns%3D%27http%3A%2F%2Fwww.w3.org%2F2000%2Fsvg%27%20width%3D%27300%27%20height%3D%2770%27%20viewBox%3D%270%200%20300%2070%27%3E%3Crect%20width%3D%27300%27%20height%3D%2770%27%20fill-opacity%3D%220%22%2F%3E%3C%2Fsvg%3E\" data-srcset=\"https:\/\/niederneisen.de\/wp-content\/uploads\/2024\/04\/6_Kiunderws-200x47.png 200w, https:\/\/niederneisen.de\/wp-content\/uploads\/2024\/04\/6_Kiunderws-300x70.png 300w, https:\/\/niederneisen.de\/wp-content\/uploads\/2024\/04\/6_Kiunderws-400x94.png 400w, https:\/\/niederneisen.de\/wp-content\/uploads\/2024\/04\/6_Kiunderws-600x140.png 600w, https:\/\/niederneisen.de\/wp-content\/uploads\/2024\/04\/6_Kiunderws.png 663w\" data-sizes=\"auto\" data-orig-sizes=\"(max-width: 300px) 100vw, 300px\" \/><\/a><\/p>\n<p><a href=\"https:\/\/niederneisen.de\/files\/Dorferneuerung\/20211115_Jugendworkshop_Protokoll.pdf\"><img decoding=\"async\" class=\"lazyload alignnone wp-image-1792 size-medium\" src=\"https:\/\/niederneisen.de\/wp-content\/uploads\/2024\/04\/7_Jugendws-300x70.png\" data-orig-src=\"https:\/\/niederneisen.de\/wp-content\/uploads\/2024\/04\/7_Jugendws-300x70.png\" alt=\"\" width=\"300\" height=\"70\" srcset=\"data:image\/svg+xml,%3Csvg%20xmlns%3D%27http%3A%2F%2Fwww.w3.org%2F2000%2Fsvg%27%20width%3D%27300%27%20height%3D%2770%27%20viewBox%3D%270%200%20300%2070%27%3E%3Crect%20width%3D%27300%27%20height%3D%2770%27%20fill-opacity%3D%220%22%2F%3E%3C%2Fsvg%3E\" data-srcset=\"https:\/\/niederneisen.de\/wp-content\/uploads\/2024\/04\/7_Jugendws-200x47.png 200w, https:\/\/niederneisen.de\/wp-content\/uploads\/2024\/04\/7_Jugendws-300x70.png 300w, https:\/\/niederneisen.de\/wp-content\/uploads\/2024\/04\/7_Jugendws-400x94.png 400w, https:\/\/niederneisen.de\/wp-content\/uploads\/2024\/04\/7_Jugendws-600x141.png 600w, https:\/\/niederneisen.de\/wp-content\/uploads\/2024\/04\/7_Jugendws.png 664w\" data-sizes=\"auto\" data-orig-sizes=\"(max-width: 300px) 100vw, 300px\" \/><\/a><\/p>\n<p><a href=\"https:\/\/niederneisen.de\/files\/Dorferneuerung\/20220216_Dorfwerkstatt_Teil2_1_Protokoll.pdf\"><img decoding=\"async\" class=\"lazyload alignnone wp-image-1793 size-medium\" src=\"https:\/\/niederneisen.de\/wp-content\/uploads\/2024\/04\/8_Werkstatt2-300x65.png\" data-orig-src=\"https:\/\/niederneisen.de\/wp-content\/uploads\/2024\/04\/8_Werkstatt2-300x65.png\" alt=\"\" width=\"300\" height=\"65\" srcset=\"data:image\/svg+xml,%3Csvg%20xmlns%3D%27http%3A%2F%2Fwww.w3.org%2F2000%2Fsvg%27%20width%3D%27300%27%20height%3D%2765%27%20viewBox%3D%270%200%20300%2065%27%3E%3Crect%20width%3D%27300%27%20height%3D%2765%27%20fill-opacity%3D%220%22%2F%3E%3C%2Fsvg%3E\" data-srcset=\"https:\/\/niederneisen.de\/wp-content\/uploads\/2024\/04\/8_Werkstatt2-200x43.png 200w, https:\/\/niederneisen.de\/wp-content\/uploads\/2024\/04\/8_Werkstatt2-300x65.png 300w, https:\/\/niederneisen.de\/wp-content\/uploads\/2024\/04\/8_Werkstatt2-400x87.png 400w, https:\/\/niederneisen.de\/wp-content\/uploads\/2024\/04\/8_Werkstatt2-600x130.png 600w, https:\/\/niederneisen.de\/wp-content\/uploads\/2024\/04\/8_Werkstatt2.png 663w\" data-sizes=\"auto\" data-orig-sizes=\"(max-width: 300px) 100vw, 300px\" \/><\/a><\/p>\n<p><a href=\"https:\/\/niederneisen.de\/files\/Dorferneuerung\/20220309_Dorfwerkstatt_Teil2_2_Protokoll.pdf\"><img decoding=\"async\" class=\"lazyload alignnone wp-image-1794 size-medium\" src=\"https:\/\/niederneisen.de\/wp-content\/uploads\/2024\/04\/9_Werkstatt2_2-300x65.png\" data-orig-src=\"https:\/\/niederneisen.de\/wp-content\/uploads\/2024\/04\/9_Werkstatt2_2-300x65.png\" alt=\"\" width=\"300\" height=\"65\" srcset=\"data:image\/svg+xml,%3Csvg%20xmlns%3D%27http%3A%2F%2Fwww.w3.org%2F2000%2Fsvg%27%20width%3D%27300%27%20height%3D%2765%27%20viewBox%3D%270%200%20300%2065%27%3E%3Crect%20width%3D%27300%27%20height%3D%2765%27%20fill-opacity%3D%220%22%2F%3E%3C%2Fsvg%3E\" data-srcset=\"https:\/\/niederneisen.de\/wp-content\/uploads\/2024\/04\/9_Werkstatt2_2-200x43.png 200w, https:\/\/niederneisen.de\/wp-content\/uploads\/2024\/04\/9_Werkstatt2_2-300x65.png 300w, https:\/\/niederneisen.de\/wp-content\/uploads\/2024\/04\/9_Werkstatt2_2-400x87.png 400w, https:\/\/niederneisen.de\/wp-content\/uploads\/2024\/04\/9_Werkstatt2_2-600x130.png 600w, https:\/\/niederneisen.de\/wp-content\/uploads\/2024\/04\/9_Werkstatt2_2.png 663w\" data-sizes=\"auto\" data-orig-sizes=\"(max-width: 300px) 100vw, 300px\" \/><\/a><\/p>\n<p><a href=\"https:\/\/niederneisen.de\/files\/Dorferneuerung\/20220411_Dorfwerkstatt_Teil2_3_Protokoll.pdf\"><img decoding=\"async\" class=\"lazyload alignnone wp-image-1796 size-medium\" src=\"https:\/\/niederneisen.de\/wp-content\/uploads\/2024\/04\/11_Werkstatt2_4-300x66.png\" data-orig-src=\"https:\/\/niederneisen.de\/wp-content\/uploads\/2024\/04\/11_Werkstatt2_4-300x66.png\" alt=\"\" width=\"300\" height=\"66\" srcset=\"data:image\/svg+xml,%3Csvg%20xmlns%3D%27http%3A%2F%2Fwww.w3.org%2F2000%2Fsvg%27%20width%3D%27300%27%20height%3D%2766%27%20viewBox%3D%270%200%20300%2066%27%3E%3Crect%20width%3D%27300%27%20height%3D%2766%27%20fill-opacity%3D%220%22%2F%3E%3C%2Fsvg%3E\" data-srcset=\"https:\/\/niederneisen.de\/wp-content\/uploads\/2024\/04\/11_Werkstatt2_4-200x44.png 200w, https:\/\/niederneisen.de\/wp-content\/uploads\/2024\/04\/11_Werkstatt2_4-300x66.png 300w, https:\/\/niederneisen.de\/wp-content\/uploads\/2024\/04\/11_Werkstatt2_4-400x87.png 400w, https:\/\/niederneisen.de\/wp-content\/uploads\/2024\/04\/11_Werkstatt2_4-600x131.png 600w, https:\/\/niederneisen.de\/wp-content\/uploads\/2024\/04\/11_Werkstatt2_4.png 663w\" data-sizes=\"auto\" data-orig-sizes=\"(max-width: 300px) 100vw, 300px\" \/><\/a><\/p>\n<p><a href=\"https:\/\/niederneisen.de\/files\/Dorferneuerung\/20220919_Dorfmoderation_Abschlussveranstaltung_Protokoll.pdf\"><img decoding=\"async\" class=\"lazyload alignnone wp-image-1797 size-medium\" src=\"https:\/\/niederneisen.de\/wp-content\/uploads\/2024\/04\/12_Abschluss-300x65.png\" data-orig-src=\"https:\/\/niederneisen.de\/wp-content\/uploads\/2024\/04\/12_Abschluss-300x65.png\" alt=\"\" width=\"300\" height=\"65\" srcset=\"data:image\/svg+xml,%3Csvg%20xmlns%3D%27http%3A%2F%2Fwww.w3.org%2F2000%2Fsvg%27%20width%3D%27300%27%20height%3D%2765%27%20viewBox%3D%270%200%20300%2065%27%3E%3Crect%20width%3D%27300%27%20height%3D%2765%27%20fill-opacity%3D%220%22%2F%3E%3C%2Fsvg%3E\" data-srcset=\"https:\/\/niederneisen.de\/wp-content\/uploads\/2024\/04\/12_Abschluss-200x43.png 200w, https:\/\/niederneisen.de\/wp-content\/uploads\/2024\/04\/12_Abschluss-300x65.png 300w, https:\/\/niederneisen.de\/wp-content\/uploads\/2024\/04\/12_Abschluss-400x87.png 400w, https:\/\/niederneisen.de\/wp-content\/uploads\/2024\/04\/12_Abschluss-600x130.png 600w, https:\/\/niederneisen.de\/wp-content\/uploads\/2024\/04\/12_Abschluss.png 663w\" data-sizes=\"auto\" data-orig-sizes=\"(max-width: 300px) 100vw, 300px\" \/><\/a><\/p>\n","protected":false},"excerpt":{"rendered":"<p>14.09.2025 Ein neuer, spannender Spielbereich f\u00fcr verschiedene Altersgruppen im Sportpark Mit der Erstellung eines neuen Spielbereiches im Sportpark erf\u00fcllt die Ortsgemeinde einen der bei der Dorfmoderation geb\u00fcndelten W\u00fcnsche der  [&#8230;]<\/p>\n","protected":false},"author":2,"featured_media":0,"parent":0,"menu_order":0,"comment_status":"closed","ping_status":"closed","template":"","meta":{"footnotes":""},"class_list":["post-1784","page","type-page","status-publish","hentry"],"_links":{"self":[{"href":"https:\/\/niederneisen.de\/index.php\/wp-json\/wp\/v2\/pages\/1784","targetHints":{"allow":["GET"]}}],"collection":[{"href":"https:\/\/niederneisen.de\/index.php\/wp-json\/wp\/v2\/pages"}],"about":[{"href":"https:\/\/niederneisen.de\/index.php\/wp-json\/wp\/v2\/types\/page"}],"author":[{"embeddable":true,"href":"https:\/\/niederneisen.de\/index.php\/wp-json\/wp\/v2\/users\/2"}],"replies":[{"embeddable":true,"href":"https:\/\/niederneisen.de\/index.php\/wp-json\/wp\/v2\/comments?post=1784"}],"version-history":[{"count":11,"href":"https:\/\/niederneisen.de\/index.php\/wp-json\/wp\/v2\/pages\/1784\/revisions"}],"predecessor-version":[{"id":1956,"href":"https:\/\/niederneisen.de\/index.php\/wp-json\/wp\/v2\/pages\/1784\/revisions\/1956"}],"wp:attachment":[{"href":"https:\/\/niederneisen.de\/index.php\/wp-json\/wp\/v2\/media?parent=1784"}],"curies":[{"name":"wp","href":"https:\/\/api.w.org\/{rel}","templated":true}]}}