{"id":1506,"date":"2025-12-31T23:06:57","date_gmt":"2025-12-31T22:06:57","guid":{"rendered":"http:\/\/gemeinde5.niederneisen.de\/?page_id=1506"},"modified":"2026-02-05T09:11:53","modified_gmt":"2026-02-05T08:11:53","slug":"unser-wald","status":"publish","type":"page","link":"https:\/\/niederneisen.de\/index.php\/unser-wald\/","title":{"rendered":"Unser Wald"},"content":{"rendered":"<p><span style=\"font-size: 14pt;\"><strong><span style=\"font-family: arial, helvetica, sans-serif;\">Der Wald -&gt;<\/span><\/strong><\/span><\/p>\n<ul>\n<li><span style=\"font-family: arial, helvetica, sans-serif;\">Er liefert uns Holz, frische Luft und sauberes Wasser. <\/span><\/li>\n<li><span style=\"font-family: arial, helvetica, sans-serif;\">Tieren und Pflanzen bietet er Lebensraum, Nahrung und Schutz. <\/span><\/li>\n<li><span style=\"font-family: arial, helvetica, sans-serif;\">Der Wald sch\u00fctzt seine Umgebung vor St\u00fcrmen, Lawinen und Steinschlag.<\/span><\/li>\n<li><span style=\"font-family: arial, helvetica, sans-serif;\">Der Waldboden ist wie ein gro\u00dfer Schwamm. Er kann den Regen <\/span><br \/>\n<span style=\"font-family: arial, helvetica, sans-serif;\">aufnehmen und festhalten. So verhindert der Wald, dass Hochwasser entsteht. Im Waldboden wird das Wasser gefiltert und gespeichert. <\/span><\/li>\n<li><span style=\"font-family: arial, helvetica, sans-serif;\">Nachhaltige Forstwirtschaft erh\u00e4lt den Wald und seine vielf\u00e4ltigen Leistungen<\/span><\/li>\n<\/ul>\n<p><span style=\"font-family: arial, helvetica, sans-serif;\">Bevor wir auf unseren Gemeindewald eingehen,\u00a0 haben wir Ihnen vorab noch einige allgemeine, sehr interessante Information \u00fcber den Wald, die Biodiversit\u00e4t und den Lebensraum &#8222;Wald&#8220; verlinkt, sei es zur eigenen Info oder als Erkl\u00e4rungs- und Schulungsmaterial.<\/span><\/p>\n<table style=\"border-collapse: collapse; width: 51.9187%;\">\n<tbody>\n<tr>\n<td style=\"width: 18.2867%;\"><a href=\"https:\/\/niederneisen.de\/wp-content\/uploads\/2026\/01\/Waldfibel.pdf\" target=\"_blank\" rel=\"noopener\"><img decoding=\"async\" class=\"lazyload alignnone wp-image-2037\" src=\"https:\/\/niederneisen.de\/wp-content\/uploads\/2026\/01\/Bild_Waldfibel.jpg\" data-orig-src=\"https:\/\/niederneisen.de\/wp-content\/uploads\/2026\/01\/Bild_Waldfibel.jpg\" alt=\"\" width=\"142\" height=\"199\" srcset=\"data:image\/svg+xml,%3Csvg%20xmlns%3D%27http%3A%2F%2Fwww.w3.org%2F2000%2Fsvg%27%20width%3D%27142%27%20height%3D%27199%27%20viewBox%3D%270%200%20142%20199%27%3E%3Crect%20width%3D%27142%27%20height%3D%27199%27%20fill-opacity%3D%220%22%2F%3E%3C%2Fsvg%3E\" data-srcset=\"https:\/\/niederneisen.de\/wp-content\/uploads\/2026\/01\/Bild_Waldfibel-200x281.jpg 200w, https:\/\/niederneisen.de\/wp-content\/uploads\/2026\/01\/Bild_Waldfibel-214x300.jpg 214w, https:\/\/niederneisen.de\/wp-content\/uploads\/2026\/01\/Bild_Waldfibel-400x562.jpg 400w, https:\/\/niederneisen.de\/wp-content\/uploads\/2026\/01\/Bild_Waldfibel.jpg 443w\" data-sizes=\"auto\" data-orig-sizes=\"(max-width: 142px) 100vw, 142px\" \/><\/a><\/td>\n<td style=\"width: 18.253%;\"><a href=\"https:\/\/niederneisen.de\/wp-content\/uploads\/2026\/01\/Steckbriefe_biodiversitaet_beobachten_2018.pdf\" target=\"_blank\" rel=\"noopener\"><img decoding=\"async\" class=\"lazyload alignnone wp-image-2034\" src=\"https:\/\/niederneisen.de\/wp-content\/uploads\/2026\/01\/Bild_Biodiversitaet.jpg\" data-orig-src=\"https:\/\/niederneisen.de\/wp-content\/uploads\/2026\/01\/Bild_Biodiversitaet.jpg\" alt=\"\" width=\"154\" height=\"201\" srcset=\"data:image\/svg+xml,%3Csvg%20xmlns%3D%27http%3A%2F%2Fwww.w3.org%2F2000%2Fsvg%27%20width%3D%27154%27%20height%3D%27201%27%20viewBox%3D%270%200%20154%20201%27%3E%3Crect%20width%3D%27154%27%20height%3D%27201%27%20fill-opacity%3D%220%22%2F%3E%3C%2Fsvg%3E\" data-srcset=\"https:\/\/niederneisen.de\/wp-content\/uploads\/2026\/01\/Bild_Biodiversitaet-200x261.jpg 200w, https:\/\/niederneisen.de\/wp-content\/uploads\/2026\/01\/Bild_Biodiversitaet-230x300.jpg 230w, https:\/\/niederneisen.de\/wp-content\/uploads\/2026\/01\/Bild_Biodiversitaet-400x523.jpg 400w, https:\/\/niederneisen.de\/wp-content\/uploads\/2026\/01\/Bild_Biodiversitaet.jpg 444w\" data-sizes=\"auto\" data-orig-sizes=\"(max-width: 154px) 100vw, 154px\" \/><\/a><\/td>\n<td style=\"width: 15.3794%;\"><a href=\"https:\/\/niederneisen.de\/wp-content\/uploads\/2026\/01\/lebensraum_wald_version_2013.pdf\" target=\"_blank\" rel=\"noopener\"><img decoding=\"async\" class=\"lazyload alignnone wp-image-2035\" src=\"https:\/\/niederneisen.de\/wp-content\/uploads\/2026\/01\/Bild_Lebensraum_Wald.jpg\" data-orig-src=\"https:\/\/niederneisen.de\/wp-content\/uploads\/2026\/01\/Bild_Lebensraum_Wald.jpg\" alt=\"\" width=\"154\" height=\"202\" srcset=\"data:image\/svg+xml,%3Csvg%20xmlns%3D%27http%3A%2F%2Fwww.w3.org%2F2000%2Fsvg%27%20width%3D%27154%27%20height%3D%27202%27%20viewBox%3D%270%200%20154%20202%27%3E%3Crect%20width%3D%27154%27%20height%3D%27202%27%20fill-opacity%3D%220%22%2F%3E%3C%2Fsvg%3E\" data-srcset=\"https:\/\/niederneisen.de\/wp-content\/uploads\/2026\/01\/Bild_Lebensraum_Wald-200x263.jpg 200w, https:\/\/niederneisen.de\/wp-content\/uploads\/2026\/01\/Bild_Lebensraum_Wald-228x300.jpg 228w, https:\/\/niederneisen.de\/wp-content\/uploads\/2026\/01\/Bild_Lebensraum_Wald-400x526.jpg 400w, https:\/\/niederneisen.de\/wp-content\/uploads\/2026\/01\/Bild_Lebensraum_Wald.jpg 443w\" data-sizes=\"auto\" data-orig-sizes=\"(max-width: 154px) 100vw, 154px\" \/><\/a><\/td>\n<\/tr>\n<\/tbody>\n<\/table>\n<p><span style=\"font-size: 14pt;\"><strong><span style=\"font-family: arial, helvetica, sans-serif;\">Unser Wald<\/span><\/strong><\/span><\/p>\n<p><span style=\"font-family: arial, helvetica, sans-serif;\"><img decoding=\"async\" class=\"lazyload wp-image-2036 alignleft\" style=\"font-family: Georgia, 'Times New Roman', 'Bitstream Charter', Times, serif;\" src=\"https:\/\/niederneisen.de\/wp-content\/uploads\/2026\/01\/Bild_Unser_Wald.jpg\" data-orig-src=\"https:\/\/niederneisen.de\/wp-content\/uploads\/2026\/01\/Bild_Unser_Wald.jpg\" alt=\"\" width=\"166\" height=\"218\" srcset=\"data:image\/svg+xml,%3Csvg%20xmlns%3D%27http%3A%2F%2Fwww.w3.org%2F2000%2Fsvg%27%20width%3D%27166%27%20height%3D%27218%27%20viewBox%3D%270%200%20166%20218%27%3E%3Crect%20width%3D%27166%27%20height%3D%27218%27%20fill-opacity%3D%220%22%2F%3E%3C%2Fsvg%3E\" data-srcset=\"https:\/\/niederneisen.de\/wp-content\/uploads\/2026\/01\/Bild_Unser_Wald-200x263.jpg 200w, https:\/\/niederneisen.de\/wp-content\/uploads\/2026\/01\/Bild_Unser_Wald-228x300.jpg 228w, https:\/\/niederneisen.de\/wp-content\/uploads\/2026\/01\/Bild_Unser_Wald-400x525.jpg 400w, https:\/\/niederneisen.de\/wp-content\/uploads\/2026\/01\/Bild_Unser_Wald.jpg 440w\" data-sizes=\"auto\" data-orig-sizes=\"(max-width: 166px) 100vw, 166px\" \/><\/span><\/p>\n<p><strong><span style=\"font-family: arial, helvetica, sans-serif;\">Der Zustand unseres Waldes<\/span><\/strong><\/p>\n<ul>\n<li style=\"list-style-type: none;\">\n<ul>\n<li style=\"list-style-type: none;\">\n<ul>\n<li style=\"list-style-type: none;\">\n<ul>\n<li style=\"list-style-type: none;\">\n<ul>\n<li><span style=\"font-family: arial, helvetica, sans-serif; font-size: 12pt;\">Die Best\u00e4nde im Forstbetrieb der Gemeinde Niederneisen sind in einem guten Durchforstungszustand.<\/span><\/li>\n<li><span style=\"font-family: arial, helvetica, sans-serif; font-size: 12pt;\">Die Waldfl\u00e4chen zeigen einen hohen Grad an vertikaler Strukturierung und Vorausverj\u00fcngung; hier dominiert die Buche deutlich.<\/span><\/li>\n<li><span style=\"font-family: arial, helvetica, sans-serif; font-size: 12pt;\">Der Betrieb hat nahezu seine gesamten Fichten verloren und weist dementsprechend einen deutlichen Anteil an Bl\u00f6\u00dfenfl\u00e4chen auf. Die Wiederbewaldung der Kalamit\u00e4tsfl\u00e4chen ist eine der Aufgaben f\u00fcr das kommende Jahrzehnt.<\/span><\/li>\n<li><span style=\"font-family: arial, helvetica, sans-serif; font-size: 12pt;\">Die konsequente Pflege des Jungwaldes muss ebenfalls weiterverfolgt werden.<\/span><\/li>\n<li><span style=\"font-family: arial, helvetica, sans-serif; font-size: 12pt;\">Die Wald-Wild-Situation ist angespannt, eine nat\u00fcrliche Verj\u00fcngung hin zu artenreichen Mischw\u00e4ldern ist durch den Rehwildverbiss erschwert, eine Einflussnahme seitens der Waldbesitzerin wird dringend empfohlen.<\/span><\/li>\n<li><span style=\"font-family: arial, helvetica, sans-serif; font-size: 12pt;\">Die Erschlie\u00dfungssituation entspricht den Erfordernissen.<\/span><\/li>\n<\/ul>\n<\/li>\n<\/ul>\n<\/li>\n<\/ul>\n<\/li>\n<\/ul>\n<\/li>\n<\/ul>\n<p><span style=\"font-family: arial, helvetica, sans-serif; font-size: 12pt;\"><strong>Das wollen wir zuk\u00fcnftig tun:<\/strong><\/span><\/p>\n<ul>\n<li><span style=\"font-family: arial, helvetica, sans-serif; font-size: 12pt;\">Hinwirken auf angepasste Wildbest\u00e4nde<\/span><\/li>\n<li><span style=\"font-family: arial, helvetica, sans-serif; font-size: 12pt;\">Nutzung der nat\u00fcrlichen Verj\u00fcngung im Generationenwechsel und erg\u00e4nzend bei der Wiederbewaldung (breites genetisches Potenzial, standortsangepasst, kein Pflanz schock, risiko\u00e4rmer und \u201eumsonst\u201c)<\/span><\/li>\n<li><span style=\"font-family: arial, helvetica, sans-serif; font-size: 12pt;\">Pflanzung zus\u00e4tzlicher, klimatisch geeigneter Baumarten auf den Freifl\u00e4chen zur Erweiterung des Baumartenspektrums<\/span><\/li>\n<li><span style=\"font-family: arial, helvetica, sans-serif; font-size: 12pt;\">Gezielte F\u00f6rderung der Mischbaumarten in allen Waldentwicklungsphasen f\u00fcr klimastabilere Mischbest\u00e4nde<\/span><\/li>\n<li><span style=\"font-family: arial, helvetica, sans-serif; font-size: 12pt;\">F\u00f6rderung \/ Erhalt der vertikalen und horizontalen Strukturierung und von Totholzanteilen f\u00fcr ein intaktes Waldinnenklima<\/span><\/li>\n<\/ul>\n<p><span style=\"font-family: arial, helvetica, sans-serif; font-size: 12pt;\"><strong>Das sind unsere Planungsschwerpunkte:<\/strong><\/span><\/p>\n<ul>\n<li><span style=\"font-family: arial, helvetica, sans-serif; font-size: 12pt;\">Der Hiebsatz wurde im Vergleich zur vorhergehenden Forsteinrichtung um ca. 350 Efm auf 943 Efm\/Jahr reduziert. Der R\u00fcckgang im Hiebssatz ist dem Verlust der Fichte geschuldet. Der Vorrat soll im kommenden Jahrzehnt moderat aufgebaut werden.<\/span><\/li>\n<li><span style=\"font-family: arial, helvetica, sans-serif; font-size: 12pt;\">Die Baumartengruppe Buche steht bei der Nutzung im Vordergrund, insbesondere in den alten Buchen-Eichen-Mischbest\u00e4nden.<\/span><\/li>\n<li><span style=\"font-family: arial, helvetica, sans-serif; font-size: 12pt;\">In den \u00e4lteren Laubholzbest\u00e4nden liegt das Augenmerk auf dem Generationenwechsel; die Best\u00e4nde weisen bereits gr\u00f6\u00dftenteils Naturverj\u00fcngung auf gro\u00dfer Fl\u00e4che auf, allerdings nahezu ausschlie\u00dflich von der Baumart Buche.<\/span><\/li>\n<li><span style=\"font-family: arial, helvetica, sans-serif; font-size: 12pt;\">K\u00fcnstliche Verj\u00fcngungsma\u00dfnahmen sind aktuell nur mit einem ausreichenden Wildschutz erfolgstr\u00e4chtig.<\/span><\/li>\n<li><span style=\"font-family: arial, helvetica, sans-serif; font-size: 12pt;\">Der Betrieb tr\u00e4gt eine besondere Verantwortung f\u00fcr die alten Buchenw\u00e4lder des LRT \u201eWaldmeister-Buchenwald\u201c im FFH-Gebiet. Dies ist bei der Bewirtschaftung entsprechend zu ber\u00fccksichtigen.<\/span><\/li>\n<\/ul>\n<p><span style=\"font-family: arial, helvetica, sans-serif;\">In 2024 haben wir eine Forsteinrichtungsplanung beauftragt. Die Pr\u00e4sentation hierzu und der Erl\u00e4uterungsbericht ist \u00fcber nachfolgende LINKS zu \u00f6ffnen. Hier finden Sie eine I<strong>NVENTUR<\/strong>, eine <strong>SITUATIONSANALYSE<\/strong> und die <strong>PLANUNG.<\/strong><\/span><\/p>\n<p><a href=\"https:\/\/niederneisen.de\/wp-content\/uploads\/2026\/01\/Erlaeuterungsbericht-FE-Gde-Niederneisen.pdf\" target=\"_blank\" rel=\"noopener\">\u00a0 \u00a0 \u00a0 \u00a0 \u00a0 \u00a0 <\/a><\/p>\n<table style=\"border-collapse: collapse; width: 50.6062%;\">\n<tbody>\n<tr>\n<td style=\"width: 33.9957%;\"><a href=\"https:\/\/niederneisen.de\/wp-content\/uploads\/2026\/01\/Abschlusspraesentation-FE-2024_Gde-Niederneisen.pdf\" target=\"_blank\" rel=\"noopener\"><img decoding=\"async\" class=\"lazyload alignnone  wp-image-2044\" src=\"https:\/\/niederneisen.de\/wp-content\/uploads\/2026\/01\/Bild_Forsteinrichtung_Praesentation.png\" data-orig-src=\"https:\/\/niederneisen.de\/wp-content\/uploads\/2026\/01\/Bild_Forsteinrichtung_Praesentation.png\" alt=\"\" width=\"281\" height=\"211\" srcset=\"data:image\/svg+xml,%3Csvg%20xmlns%3D%27http%3A%2F%2Fwww.w3.org%2F2000%2Fsvg%27%20width%3D%27281%27%20height%3D%27211%27%20viewBox%3D%270%200%20281%20211%27%3E%3Crect%20width%3D%27281%27%20height%3D%27211%27%20fill-opacity%3D%220%22%2F%3E%3C%2Fsvg%3E\" data-srcset=\"https:\/\/niederneisen.de\/wp-content\/uploads\/2026\/01\/Bild_Forsteinrichtung_Praesentation-200x150.png 200w, https:\/\/niederneisen.de\/wp-content\/uploads\/2026\/01\/Bild_Forsteinrichtung_Praesentation-300x225.png 300w, https:\/\/niederneisen.de\/wp-content\/uploads\/2026\/01\/Bild_Forsteinrichtung_Praesentation-400x301.png 400w, https:\/\/niederneisen.de\/wp-content\/uploads\/2026\/01\/Bild_Forsteinrichtung_Praesentation.png 599w\" data-sizes=\"auto\" data-orig-sizes=\"(max-width: 281px) 100vw, 281px\" \/><\/a><\/td>\n<td style=\"width: 14.8758%;\"><a href=\"https:\/\/niederneisen.de\/wp-content\/uploads\/2026\/01\/Erlaeuterungsbericht-FE-Gde-Niederneisen.pdf\" target=\"_blank\" rel=\"noopener\"><img decoding=\"async\" class=\"lazyload alignnone wp-image-2045\" src=\"https:\/\/niederneisen.de\/wp-content\/uploads\/2026\/01\/Bild_Erlaeuterungsbericht.jpg\" data-orig-src=\"https:\/\/niederneisen.de\/wp-content\/uploads\/2026\/01\/Bild_Erlaeuterungsbericht.jpg\" alt=\"\" width=\"151\" height=\"224\" srcset=\"data:image\/svg+xml,%3Csvg%20xmlns%3D%27http%3A%2F%2Fwww.w3.org%2F2000%2Fsvg%27%20width%3D%27151%27%20height%3D%27224%27%20viewBox%3D%270%200%20151%20224%27%3E%3Crect%20width%3D%27151%27%20height%3D%27224%27%20fill-opacity%3D%220%22%2F%3E%3C%2Fsvg%3E\" data-srcset=\"https:\/\/niederneisen.de\/wp-content\/uploads\/2026\/01\/Bild_Erlaeuterungsbericht-200x297.jpg 200w, https:\/\/niederneisen.de\/wp-content\/uploads\/2026\/01\/Bild_Erlaeuterungsbericht-202x300.jpg 202w, https:\/\/niederneisen.de\/wp-content\/uploads\/2026\/01\/Bild_Erlaeuterungsbericht-400x594.jpg 400w, https:\/\/niederneisen.de\/wp-content\/uploads\/2026\/01\/Bild_Erlaeuterungsbericht.jpg 441w\" data-sizes=\"auto\" data-orig-sizes=\"(max-width: 151px) 100vw, 151px\" \/><\/a><\/td>\n<\/tr>\n<\/tbody>\n<\/table>\n<p>&nbsp;<\/p>\n","protected":false},"excerpt":{"rendered":"<p>Der Wald -&gt; Er liefert uns Holz, frische Luft und sauberes Wasser. Tieren und Pflanzen bietet er Lebensraum, Nahrung und Schutz. Der Wald sch\u00fctzt seine Umgebung vor St\u00fcrmen, Lawinen  [&#8230;]<\/p>\n","protected":false},"author":2,"featured_media":0,"parent":0,"menu_order":0,"comment_status":"closed","ping_status":"closed","template":"","meta":{"footnotes":""},"class_list":["post-1506","page","type-page","status-publish","hentry"],"_links":{"self":[{"href":"https:\/\/niederneisen.de\/index.php\/wp-json\/wp\/v2\/pages\/1506","targetHints":{"allow":["GET"]}}],"collection":[{"href":"https:\/\/niederneisen.de\/index.php\/wp-json\/wp\/v2\/pages"}],"about":[{"href":"https:\/\/niederneisen.de\/index.php\/wp-json\/wp\/v2\/types\/page"}],"author":[{"embeddable":true,"href":"https:\/\/niederneisen.de\/index.php\/wp-json\/wp\/v2\/users\/2"}],"replies":[{"embeddable":true,"href":"https:\/\/niederneisen.de\/index.php\/wp-json\/wp\/v2\/comments?post=1506"}],"version-history":[{"count":13,"href":"https:\/\/niederneisen.de\/index.php\/wp-json\/wp\/v2\/pages\/1506\/revisions"}],"predecessor-version":[{"id":2088,"href":"https:\/\/niederneisen.de\/index.php\/wp-json\/wp\/v2\/pages\/1506\/revisions\/2088"}],"wp:attachment":[{"href":"https:\/\/niederneisen.de\/index.php\/wp-json\/wp\/v2\/media?parent=1506"}],"curies":[{"name":"wp","href":"https:\/\/api.w.org\/{rel}","templated":true}]}}